{"id":467,"date":"2022-04-18T11:46:19","date_gmt":"2022-04-18T08:46:19","guid":{"rendered":"https:\/\/nocando.fi\/trailruntammela\/?page_id=467"},"modified":"2026-01-15T17:13:23","modified_gmt":"2026-01-15T15:13:23","slug":"polkureitti-2","status":"publish","type":"page","link":"https:\/\/nocando.fi\/trailruntammela\/polkureitti-2\/","title":{"rendered":"Polkureitti"},"content":{"rendered":"\n<p><strong>Vuoden 2026 reitti m\u00e4\u00e4r\u00e4ytyy lumitilanteen mukaan.<\/strong><\/p>\n\n\n\n<p>Reitti on n. 8,2 km pituinen. L\u00e4ht\u00f6 ja kisakeskus on Saaren kansanpuiston Suuj\u00e4rven puolella. Reitti kiert\u00e4\u00e4 ensin 3km pituisen luontopolun Suuj\u00e4rven ymp\u00e4ri ja sen j\u00e4lkeen noustaan Kaukolan kyl\u00e4n suuntaan polkuja ja mets\u00e4teit\u00e4 pitkin. Kaukolan kyl\u00e4st\u00e4 noustaan Kaukolan-harjulle ja loppumatka tullaan Ilvesreitti\u00e4 n\u00e4k\u00f6tornille. Maali on n\u00e4k\u00f6tornin juurella Edelfeltin muistomerkin kohdalla. Nousumetrej\u00e4 kertyy 150, joten haastetta riitt\u00e4\u00e4!<\/p>\n\n\n\n<figure data-wp-context=\"{&quot;imageId&quot;:&quot;69f4624f48a31&quot;}\" data-wp-interactive=\"core\/image\" data-wp-key=\"69f4624f48a31\" class=\"wp-block-image size-large wp-lightbox-container\"><img loading=\"lazy\" decoding=\"async\" width=\"1024\" height=\"538\" data-wp-class--hide=\"state.isContentHidden\" data-wp-class--show=\"state.isContentVisible\" data-wp-init=\"callbacks.setButtonStyles\" data-wp-on--click=\"actions.showLightbox\" data-wp-on--load=\"callbacks.setButtonStyles\" data-wp-on-window--resize=\"callbacks.setButtonStyles\" src=\"https:\/\/nocando.fi\/trailruntammela\/wp-content\/uploads\/2025\/01\/Reitti2025-1024x538.png\" alt=\"\" class=\"wp-image-624\" srcset=\"https:\/\/nocando.fi\/trailruntammela\/wp-content\/uploads\/2025\/01\/Reitti2025-1024x538.png 1024w, https:\/\/nocando.fi\/trailruntammela\/wp-content\/uploads\/2025\/01\/Reitti2025-300x158.png 300w, https:\/\/nocando.fi\/trailruntammela\/wp-content\/uploads\/2025\/01\/Reitti2025-768x403.png 768w, https:\/\/nocando.fi\/trailruntammela\/wp-content\/uploads\/2025\/01\/Reitti2025-1536x807.png 1536w, https:\/\/nocando.fi\/trailruntammela\/wp-content\/uploads\/2025\/01\/Reitti2025-2048x1075.png 2048w\" sizes=\"auto, (max-width: 1024px) 100vw, 1024px\" \/><button\n\t\t\tclass=\"lightbox-trigger\"\n\t\t\ttype=\"button\"\n\t\t\taria-haspopup=\"dialog\"\n\t\t\taria-label=\"Suurenna\"\n\t\t\tdata-wp-init=\"callbacks.initTriggerButton\"\n\t\t\tdata-wp-on--click=\"actions.showLightbox\"\n\t\t\tdata-wp-style--right=\"state.imageButtonRight\"\n\t\t\tdata-wp-style--top=\"state.imageButtonTop\"\n\t\t>\n\t\t\t<svg xmlns=\"http:\/\/www.w3.org\/2000\/svg\" width=\"12\" height=\"12\" fill=\"none\" viewBox=\"0 0 12 12\">\n\t\t\t\t<path fill=\"#fff\" d=\"M2 0a2 2 0 0 0-2 2v2h1.5V2a.5.5 0 0 1 .5-.5h2V0H2Zm2 10.5H2a.5.5 0 0 1-.5-.5V8H0v2a2 2 0 0 0 2 2h2v-1.5ZM8 12v-1.5h2a.5.5 0 0 0 .5-.5V8H12v2a2 2 0 0 1-2 2H8Zm2-12a2 2 0 0 1 2 2v2h-1.5V2a.5.5 0 0 0-.5-.5H8V0h2Z\" \/>\n\t\t\t<\/svg>\n\t\t<\/button><\/figure>\n\n\n\n<p><\/p>\n\n\n\n<p>Reitin GPX tiedoston voi ladata <a href=\"https:\/\/nocando.fi\/trailruntammela\/tiedostot\/TrailRunTammela.gpx\">t\u00e4st\u00e4<\/a>. P\u00e4ivitetty 23.4.2025<\/p>\n\n\n\n<p><\/p>\n","protected":false},"excerpt":{"rendered":"<p>Vuoden 2026 reitti m\u00e4\u00e4r\u00e4ytyy lumitilanteen mukaan. Reitti on n. 8,2 km pituinen. L\u00e4ht\u00f6 ja kisakeskus on Saaren kansanpuiston Suuj\u00e4rven puolella. Reitti kiert\u00e4\u00e4 ensin 3km pituisen [&hellip;]<\/p>\n","protected":false},"author":1,"featured_media":0,"parent":0,"menu_order":0,"comment_status":"closed","ping_status":"closed","template":"","meta":{"footnotes":""},"class_list":["post-467","page","type-page","status-publish","hentry"],"_links":{"self":[{"href":"https:\/\/nocando.fi\/trailruntammela\/wp-json\/wp\/v2\/pages\/467","targetHints":{"allow":["GET"]}}],"collection":[{"href":"https:\/\/nocando.fi\/trailruntammela\/wp-json\/wp\/v2\/pages"}],"about":[{"href":"https:\/\/nocando.fi\/trailruntammela\/wp-json\/wp\/v2\/types\/page"}],"author":[{"embeddable":true,"href":"https:\/\/nocando.fi\/trailruntammela\/wp-json\/wp\/v2\/users\/1"}],"replies":[{"embeddable":true,"href":"https:\/\/nocando.fi\/trailruntammela\/wp-json\/wp\/v2\/comments?post=467"}],"version-history":[{"count":11,"href":"https:\/\/nocando.fi\/trailruntammela\/wp-json\/wp\/v2\/pages\/467\/revisions"}],"predecessor-version":[{"id":664,"href":"https:\/\/nocando.fi\/trailruntammela\/wp-json\/wp\/v2\/pages\/467\/revisions\/664"}],"wp:attachment":[{"href":"https:\/\/nocando.fi\/trailruntammela\/wp-json\/wp\/v2\/media?parent=467"}],"curies":[{"name":"wp","href":"https:\/\/api.w.org\/{rel}","templated":true}]}}